{"id":3950,"date":"2019-03-27T16:28:00","date_gmt":"2019-03-27T15:28:00","guid":{"rendered":"https:\/\/www.domaine-ndr.ch\/developpement-personnel\/programmation-jesuites\/"},"modified":"2024-08-20T10:20:23","modified_gmt":"2024-08-20T08:20:23","slug":"programm-jesuiten","status":"publish","type":"page","link":"https:\/\/www.domaine-ndr.ch\/de\/agenda\/programm-jesuiten\/","title":{"rendered":"Programm- Jesuiten"},"content":{"rendered":"<p><span lang=\"DE-CH\">Die Jesuiten bleiben Besitzer des Geb\u00e4udes.\u00a0Sie benutzen noch immer die an das Geb\u00e4ude anliegende Kapelle und organisieren dort weiterhin ihre Aktivit\u00e4ten.\u00a0Entdecken Sie ihr Programm f\u00fcr Konferenzen, Schulungen und Einkehrtage sowie andere \u00dcberraschungen!<\/span><\/p>\n<p><a href=\"https:\/\/www.jesuites.ch\/agenda\"><span lang=\"DE-CH\">Die geplanten Aktivit\u00e4ten f\u00fcr pers\u00f6nliche Entwicklung \u00a0<\/span><\/a><span lang=\"DE-CH\">sind f\u00fcr Christen aller Konfessionen bestimmt, die ihre pers\u00f6nliche Beziehung zu Gott leben und vertiefen m\u00f6chten.\u00a0Dar\u00fcber hinaus wenden sich diese Programmvorschl\u00e4ge an alle Sinn-Suchenden, die in Begleitung der Jesuiten ein Wegst\u00fcck in gegenseitiger Bereicherung gehen m\u00f6chten.\u00a0 Ziel ist es, einen Ort zu schaffen, wo die christliche befreiende Kraft gelebt, durchdacht und gefeiert werden kann.<\/span><\/p>\n<p><span lang=\"DE-CH\">Alle Einzelheiten dieses Programms sowie weitere Informationen \u00fcber die Aktivit\u00e4ten der Jesuiten finden Sie auf der Website <\/span><a href=\"https:\/\/www.jesuites.ch\/agenda\">www.jesuites.ch.<\/a><\/p>\n<hr \/>\n<h3><\/h3>\n<h3 style=\"text-align: center;\"><a href=\"https:\/\/www.domaine-ndr.ch\/agenda\/programmation-jesuites\/\" target=\"_blank\" rel=\"noopener\">Mehr Informationen<\/a><\/h3>\n<p>&nbsp;<\/p>\n<hr \/>\n<p>&nbsp;<\/p>\n","protected":false},"excerpt":{"rendered":"<p>Die Jesuiten bleiben Besitzer des Geb\u00e4udes.\u00a0Sie benutzen noch immer die an das Geb\u00e4ude anliegende Kapelle und organisieren dort weiterhin ihre Aktivit\u00e4ten.\u00a0Entdecken Sie ihr Programm f\u00fcr Konferenzen, Schulungen und Einkehrtage sowie andere \u00dcberraschungen! Die geplanten Aktivit\u00e4ten f\u00fcr pers\u00f6nliche Entwicklung \u00a0sind f\u00fcr Christen aller Konfessionen bestimmt, die ihre pers\u00f6nliche Beziehung zu Gott leben und vertiefen m\u00f6chten.\u00a0Dar\u00fcber hinaus [&hellip;]<\/p>\n","protected":false},"author":1,"featured_media":0,"parent":8281,"menu_order":4,"comment_status":"closed","ping_status":"closed","template":"","meta":{"_acf_changed":false,"_exactmetrics_skip_tracking":false,"_exactmetrics_sitenote_active":false,"_exactmetrics_sitenote_note":"","_exactmetrics_sitenote_category":0,"footnotes":""},"class_list":["post-3950","page","type-page","status-publish","hentry"],"acf":[],"yoast_head":"<!-- This site is optimized with the Yoast SEO plugin v27.5 - https:\/\/yoast.com\/product\/yoast-seo-wordpress\/ -->\n<title>Programm- Jesuiten | Spirituelles Programm | Domaine NDR<\/title>\n<meta name=\"description\" content=\"Le Domaine beherbergt das spirituelles Programm der Freiburger Jesuiten. Entdecken Sie die verschiedenen Aktivit\u00e4ten, die das ganze Jahr \u00fcber geplant sind.\" \/>\n<meta name=\"robots\" content=\"index, follow, max-snippet:-1, max-image-preview:large, max-video-preview:-1\" \/>\n<meta property=\"og:locale\" content=\"de_DE\" \/>\n<meta property=\"og:type\" content=\"article\" \/>\n<meta property=\"og:title\" content=\"Programm- Jesuiten | Spirituelles Programm | Domaine NDR\" \/>\n<meta property=\"og:description\" content=\"Le Domaine beherbergt das spirituelles Programm der Freiburger Jesuiten. Entdecken Sie die verschiedenen Aktivit\u00e4ten, die das ganze Jahr \u00fcber geplant sind.\" \/>\n<meta property=\"og:url\" content=\"https:\/\/www.domaine-ndr.ch\/de\/agenda\/programm-jesuiten\/\" \/>\n<meta property=\"og:site_name\" content=\"Notre dame de la route\" \/>\n<meta property=\"article:publisher\" content=\"https:\/\/www.facebook.com\/DomaineNDR\/\" \/>\n<meta property=\"article:modified_time\" content=\"2024-08-20T08:20:23+00:00\" \/>\n<meta property=\"og:image\" content=\"https:\/\/www.domaine-ndr.ch\/wp-content\/uploads\/DSC4008-1-770x545.jpg\" \/>\n\t<meta property=\"og:image:width\" content=\"770\" \/>\n\t<meta property=\"og:image:height\" content=\"545\" \/>\n\t<meta property=\"og:image:type\" content=\"image\/jpeg\" \/>\n<meta name=\"twitter:card\" content=\"summary_large_image\" \/>\n<meta name=\"twitter:label1\" content=\"Gesch\u00e4tzte Lesezeit\" \/>\n\t<meta name=\"twitter:data1\" content=\"1\u00a0Minute\" \/>\n<!-- \/ Yoast SEO plugin. -->","yoast_head_json":{"title":"Programm- Jesuiten | Spirituelles Programm | Domaine NDR","description":"Le Domaine beherbergt das spirituelles Programm der Freiburger Jesuiten. Entdecken Sie die verschiedenen Aktivit\u00e4ten, die das ganze Jahr \u00fcber geplant sind.","robots":{"index":"index","follow":"follow","max-snippet":"max-snippet:-1","max-image-preview":"max-image-preview:large","max-video-preview":"max-video-preview:-1"},"og_locale":"de_DE","og_type":"article","og_title":"Programm- Jesuiten | Spirituelles Programm | Domaine NDR","og_description":"Le Domaine beherbergt das spirituelles Programm der Freiburger Jesuiten. Entdecken Sie die verschiedenen Aktivit\u00e4ten, die das ganze Jahr \u00fcber geplant sind.","og_url":"https:\/\/www.domaine-ndr.ch\/de\/agenda\/programm-jesuiten\/","og_site_name":"Notre dame de la route","article_publisher":"https:\/\/www.facebook.com\/DomaineNDR\/","article_modified_time":"2024-08-20T08:20:23+00:00","og_image":[{"width":770,"height":545,"url":"https:\/\/www.domaine-ndr.ch\/wp-content\/uploads\/DSC4008-1-770x545.jpg","type":"image\/jpeg"}],"twitter_card":"summary_large_image","twitter_misc":{"Gesch\u00e4tzte Lesezeit":"1\u00a0Minute"},"schema":{"@context":"https:\/\/schema.org","@graph":[{"@type":"WebPage","@id":"https:\/\/www.domaine-ndr.ch\/de\/agenda\/programm-jesuiten\/","url":"https:\/\/www.domaine-ndr.ch\/de\/agenda\/programm-jesuiten\/","name":"Programm- Jesuiten | Spirituelles Programm | Domaine NDR","isPartOf":{"@id":"https:\/\/www.domaine-ndr.ch\/de\/#website"},"datePublished":"2019-03-27T15:28:00+00:00","dateModified":"2024-08-20T08:20:23+00:00","description":"Le Domaine beherbergt das spirituelles Programm der Freiburger Jesuiten. Entdecken Sie die verschiedenen Aktivit\u00e4ten, die das ganze Jahr \u00fcber geplant sind.","breadcrumb":{"@id":"https:\/\/www.domaine-ndr.ch\/de\/agenda\/programm-jesuiten\/#breadcrumb"},"inLanguage":"de","potentialAction":[{"@type":"ReadAction","target":["https:\/\/www.domaine-ndr.ch\/de\/agenda\/programm-jesuiten\/"]}]},{"@type":"BreadcrumbList","@id":"https:\/\/www.domaine-ndr.ch\/de\/agenda\/programm-jesuiten\/#breadcrumb","itemListElement":[{"@type":"ListItem","position":1,"name":"Home","item":"https:\/\/www.domaine-ndr.ch\/de\/"},{"@type":"ListItem","position":2,"name":"Agenda","item":"https:\/\/www.domaine-ndr.ch\/de\/agenda\/"},{"@type":"ListItem","position":3,"name":"Programm- Jesuiten"}]},{"@type":"WebSite","@id":"https:\/\/www.domaine-ndr.ch\/de\/#website","url":"https:\/\/www.domaine-ndr.ch\/de\/","name":"Notre dame de la route","description":"","potentialAction":[{"@type":"SearchAction","target":{"@type":"EntryPoint","urlTemplate":"https:\/\/www.domaine-ndr.ch\/de\/?s={search_term_string}"},"query-input":{"@type":"PropertyValueSpecification","valueRequired":true,"valueName":"search_term_string"}}],"inLanguage":"de"}]}},"_links":{"self":[{"href":"https:\/\/www.domaine-ndr.ch\/de\/wp-json\/wp\/v2\/pages\/3950","targetHints":{"allow":["GET"]}}],"collection":[{"href":"https:\/\/www.domaine-ndr.ch\/de\/wp-json\/wp\/v2\/pages"}],"about":[{"href":"https:\/\/www.domaine-ndr.ch\/de\/wp-json\/wp\/v2\/types\/page"}],"author":[{"embeddable":true,"href":"https:\/\/www.domaine-ndr.ch\/de\/wp-json\/wp\/v2\/users\/1"}],"replies":[{"embeddable":true,"href":"https:\/\/www.domaine-ndr.ch\/de\/wp-json\/wp\/v2\/comments?post=3950"}],"version-history":[{"count":7,"href":"https:\/\/www.domaine-ndr.ch\/de\/wp-json\/wp\/v2\/pages\/3950\/revisions"}],"predecessor-version":[{"id":8311,"href":"https:\/\/www.domaine-ndr.ch\/de\/wp-json\/wp\/v2\/pages\/3950\/revisions\/8311"}],"up":[{"embeddable":true,"href":"https:\/\/www.domaine-ndr.ch\/de\/wp-json\/wp\/v2\/pages\/8281"}],"wp:attachment":[{"href":"https:\/\/www.domaine-ndr.ch\/de\/wp-json\/wp\/v2\/media?parent=3950"}],"curies":[{"name":"wp","href":"https:\/\/api.w.org\/{rel}","templated":true}]}}